{"id":668,"date":"2024-10-31T09:26:42","date_gmt":"2024-10-31T09:26:42","guid":{"rendered":"https:\/\/lanpyme.com\/?page_id=668"},"modified":"2024-10-31T09:29:14","modified_gmt":"2024-10-31T09:29:14","slug":"politica-de-privacidad","status":"publish","type":"page","link":"https:\/\/lanpyme.com\/eu\/politica-de-privacidad\/","title":{"rendered":"Pol\u00edtica de Privacidad"},"content":{"rendered":"<div data-elementor-type=\"wp-page\" data-elementor-id=\"668\" class=\"elementor elementor-668\" data-elementor-post-type=\"page\">\n\t\t\t\t\t\t<section class=\"elementor-section elementor-top-section elementor-element elementor-element-67202f1 elementor-section-boxed elementor-section-height-default elementor-section-height-default\" data-id=\"67202f1\" data-element_type=\"section\" data-e-type=\"section\">\n\t\t\t\t\t\t<div class=\"elementor-container elementor-column-gap-default\">\n\t\t\t\t\t<div class=\"elementor-column elementor-col-100 elementor-top-column elementor-element elementor-element-3c32154\" data-id=\"3c32154\" data-element_type=\"column\" data-e-type=\"column\">\n\t\t\t<div class=\"elementor-widget-wrap elementor-element-populated\">\n\t\t\t\t\t\t<div class=\"elementor-element elementor-element-33dda8d elementor-widget elementor-widget-heading\" data-id=\"33dda8d\" data-element_type=\"widget\" data-e-type=\"widget\" data-widget_type=\"heading.default\">\n\t\t\t\t<div class=\"elementor-widget-container\">\n\t\t\t\t\t<h2 class=\"elementor-heading-title elementor-size-default\">Pol\u00edtica de Privacidad<\/h2>\t\t\t\t<\/div>\n\t\t\t\t<\/div>\n\t\t\t\t\t<\/div>\n\t\t<\/div>\n\t\t\t\t\t<\/div>\n\t\t<\/section>\n\t\t\t\t<section class=\"elementor-section elementor-top-section elementor-element elementor-element-f42f72b elementor-section-boxed elementor-section-height-default elementor-section-height-default\" data-id=\"f42f72b\" data-element_type=\"section\" data-e-type=\"section\">\n\t\t\t\t\t\t<div class=\"elementor-container elementor-column-gap-default\">\n\t\t\t\t\t<div class=\"elementor-column elementor-col-100 elementor-top-column elementor-element elementor-element-61620b4\" data-id=\"61620b4\" data-element_type=\"column\" data-e-type=\"column\">\n\t\t\t<div class=\"elementor-widget-wrap elementor-element-populated\">\n\t\t\t\t\t\t<div class=\"elementor-element elementor-element-cc526cf elementor-widget elementor-widget-text-editor\" data-id=\"cc526cf\" data-element_type=\"widget\" data-e-type=\"widget\" data-widget_type=\"text-editor.default\">\n\t\t\t\t<div class=\"elementor-widget-container\">\n\t\t\t\t\t\t\t\t\t<p align=\"center\"><span style=\"font-family: Times New Roman, serif;\"><span style=\"font-size: medium;\"><span style=\"font-family: Calibri, serif;\"><span style=\"font-size: x-large;\"><u><b>Informaci\u00f3n sobre el Tratamiento de Datos Personales<\/b><\/u><\/span><\/span><\/span><\/span><\/p><p align=\"justify\"><span style=\"font-family: Times New Roman, serif;\"><span style=\"font-size: large;\"><span style=\"font-family: Calibri, serif;\">ASESOR\u00cdA LANPYME, S.L. se encuentra profundamente comprometida con el cumplimiento de la Legislaci\u00f3n Espa\u00f1ola y Europea aplicable a la protecci\u00f3n de datos de car\u00e1cter personal, y garantiza el cumplimiento \u00edntegro de las obligaciones dispuestas, as\u00ed como la implementaci\u00f3n de las disposiciones incluidas en la Ley Org\u00e1nica 3\/2018, de Protecci\u00f3n de Datos Personales y en las medidas del Reglamento General de Protecci\u00f3n de Datos (RGPD) de la uni\u00f3n Europea 2016\/679.<\/span><\/span><\/span><\/p><p align=\"justify\"><span style=\"font-family: Times New Roman, serif;\"><span style=\"font-size: large;\"><span style=\"font-family: Calibri, serif;\">ASESOR\u00cdA LANPYME, S.L. pone a disposici\u00f3n de los usuarios la presente Pol\u00edtica de Privacidad de la entidad para el tratamiento de datos personales, informando a los mismos respecto a los siguientes aspectos:<\/span><\/span><\/span><\/p><ul><li><p class=\"western\" align=\"justify\"><span style=\"font-family: Calibri, serif;\"><span style=\"font-size: large;\">Identidad y Datos de Contacto del Responsable del tratamiento.<\/span><\/span><\/p><\/li><li><p class=\"western\" align=\"justify\"><span style=\"font-family: Calibri, serif;\"><span style=\"font-size: large;\">Datos tratados, sus fines y plazos o criterios de conservaci\u00f3n de los mismos.<\/span><\/span><\/p><\/li><li><p class=\"western\" align=\"justify\"><span style=\"font-family: Calibri, serif;\"><span style=\"font-size: large;\">Base jur\u00eddica del tratamiento.<\/span><\/span><\/p><\/li><li><p class=\"western\" align=\"justify\"><span style=\"font-family: Calibri, serif;\"><span style=\"font-size: large;\">Los destinatarios de sus datos personales.<\/span><\/span><\/p><\/li><li><p class=\"western\" align=\"justify\"><span style=\"font-family: Calibri, serif;\"><span style=\"font-size: large;\">Sobre los derechos que asisten a todo usuario y el procedimiento para ejercitarlos.<\/span><\/span><\/p><\/li><\/ul><ol><li><p align=\"justify\"><span style=\"font-family: Calibri, serif;\"><span style=\"font-size: large;\"><u><b>RESPONSABLE DE TRATAMIENTO.<\/b><\/u><\/span><\/span><\/p><\/li><\/ol><p class=\"western\" align=\"justify\"><span style=\"font-family: Calibri, serif;\"><span style=\"font-size: large;\">Identidad: ASESOR\u00cdA LANPYME, S.L.<\/span><\/span><\/p><p class=\"western\" align=\"justify\"><span style=\"font-family: Calibri, serif;\"><span style=\"font-size: large;\">CIF: B95980421<\/span><\/span><\/p><p class=\"western\" align=\"justify\"><span style=\"font-family: Calibri, serif;\"><span style=\"font-size: large;\">Direcci\u00f3n postal: C\/ Don Tello, 15. Bajo. 48300 GERNIKA-LUMO. BIZKAIA.<\/span><\/span><\/p><p class=\"western\" align=\"justify\"><span style=\"font-family: Calibri, serif;\"><span style=\"font-size: large;\">Tel\u00e9fono de contacto: 94 465 00 93<\/span><\/span><\/p><p class=\"western\" align=\"justify\"><span style=\"font-family: Calibri, serif;\"><span style=\"font-size: large;\">Correo electr\u00f3nico de contacto: info@lanpyme.com<\/span><\/span><\/p><p class=\"western\" align=\"justify\"><br \/><br \/><\/p><ol start=\"2\"><li><p align=\"justify\"><span style=\"font-family: Calibri, serif;\"><span style=\"font-size: large;\"><u><b>TRATAMIENTOS DE DATOS PERSONALES. <\/b><\/u><\/span><\/span><\/p><\/li><\/ol><p align=\"justify\"><br \/><br \/><\/p><p align=\"justify\"><span style=\"font-family: Calibri, serif;\"><span style=\"font-size: large;\"><u><b>Tratamientos de Datos personales del colectivo de Clientes y Proveedores.<\/b><\/u><\/span><\/span><\/p><p class=\"western\" align=\"justify\"><span style=\"font-family: Calibri, serif;\"><span style=\"font-size: large;\"><b>a. \u00bfCon qu\u00e9 finalidad tratamos sus datos personales?<\/b><\/span><\/span><\/p><p class=\"western\" align=\"justify\"><span style=\"font-family: Calibri, serif;\"><span style=\"font-size: large;\">En <b>ASESORIA LANPYME, S.L.<\/b><b> <\/b>tratamos la informaci\u00f3n que nos facilitan sus clientes, proveedores y contactos con las siguientes finalidades:<\/span><\/span><\/p><ul><li style=\"list-style-type: none;\"><ol type=\"I\"><li><p align=\"justify\"><span style=\"font-family: Calibri, serif;\"><span style=\"font-size: large;\"><b>La Gesti\u00f3n, administraci\u00f3n, comunicaci\u00f3n y ejecuci\u00f3n<\/b> de los servicios contratados para el asesoramiento en materia fiscal, laboral y contable u otros servicios de asesoramiento.<\/span><\/span><\/p><\/li><li><p align=\"justify\"><span style=\"font-family: Calibri, serif;\"><span style=\"font-size: large;\"><b>La gesti\u00f3n y el mantenimiento de la relaci\u00f3n comercial<\/b> para la prestaci\u00f3n de servicios de asesoramiento<\/span><\/span><\/p><\/li><li><p align=\"justify\"><span style=\"font-family: Calibri, serif;\"><span style=\"font-size: large;\"><b>La administraci\u00f3n fiscal y contable<\/b> de los servicios suministrados.<\/span><\/span><\/p><\/li><\/ol><\/li><\/ul><p class=\"western\" align=\"justify\"><span style=\"font-family: Calibri, serif;\"><span style=\"font-size: large;\"><b>b. Legitimaci\u00f3n<\/b><\/span><\/span><\/p><p class=\"western\" align=\"justify\"><span style=\"font-family: Calibri, serif;\"><span style=\"font-size: large;\">La base legal para el tratamiento de los datos proporcionados es su imperiosa necesidad para la Ejecuci\u00f3n de los Servicios Contratados<\/span><\/span><\/p><p class=\"western\" align=\"justify\"><span style=\"font-family: Calibri, serif;\"><span style=\"font-size: large;\"><b>c. Destinatarios<\/b><\/span><\/span><\/p><ol type=\"I\"><li><p align=\"justify\"><span style=\"font-family: Calibri, serif;\"><span style=\"font-size: large;\">Sus datos se comunicar\u00e1n a Administraciones p\u00fablicas competentes y a la Agencia Tributaria.<\/span><\/span><\/p><\/li><li><p align=\"justify\"><span style=\"font-family: Calibri, serif;\"><span style=\"font-size: large;\">Si procede a Entidades Bancarias para la gesti\u00f3n de los importes econ\u00f3micos derivados del servicio.<\/span><\/span><\/p><\/li><li><p align=\"justify\"><span style=\"font-family: Calibri, serif;\"><span style=\"font-size: large;\">Cuando proceda a Entidades Colaboradoras y Subcontratistas relacionados directamente con el servicio.<\/span><\/span><\/p><\/li><\/ol><p class=\"western\" align=\"justify\"><span style=\"font-family: Calibri, serif;\"><span style=\"font-size: large;\"><b>d. \u00bfPor cu\u00e1nto tiempo conservaremos sus datos?<\/b><\/span><\/span><\/p><p class=\"western\" align=\"justify\"><span style=\"font-family: Calibri, serif;\"><span style=\"font-size: large;\">Los datos personales proporcionados se conservar\u00e1n, mientras sean necesario para la prestaci\u00f3n del servicio. A su finalizaci\u00f3n los datos ser\u00e1n conservados por obligaci\u00f3n legal. <\/span><\/span><\/p><p align=\"justify\"><span style=\"font-family: Calibri, serif;\"><span style=\"font-size: large;\">Por \u00faltimo, y siempre que hubiera proporcionado su consentimiento para esta finalidad, <b>ASESORIA LANPYME, S.L.<\/b><b> <\/b>conservar\u00e1 sus datos con el fin de mantenerle al d\u00eda de las actividades y servicios que pudieran resultar de su inter\u00e9s.<\/span><\/span><\/p><p align=\"justify\"><br \/><br \/><\/p><p align=\"justify\"><span style=\"font-family: Calibri, serif;\"><span style=\"font-size: large;\"><u><b>Tratamientos de Datos personales del colectivo de visitas a nuestras instalaciones<\/b><\/u><\/span><\/span><\/p><p class=\"western\" align=\"justify\"><span style=\"font-family: Calibri, serif;\"><span style=\"font-size: large;\"><b>a. \u00bfCon qu\u00e9 finalidad tratamos sus datos personales?<\/b><\/span><\/span><\/p><p align=\"justify\"><span style=\"font-family: Calibri, serif;\"><span style=\"font-size: large;\">En <b>ASESORIA LANPYME, S.L.<\/b><b> <\/b>disponemos de un sistema de videovigilancia con fines de seguridad privada, esto es, gesti\u00f3n de prevenci\u00f3n de riesgos que afectan a la seguridad y protecci\u00f3n de las personas, locales y bienes patrimoniales, as\u00ed como para denunciar, cuando sea necesario, hechos ante las autoridades competentes o atender los requerimientos de las mismas, todo ello, en base a la Ley de Seguridad Privada.<\/span><\/span><\/p><p class=\"western\" align=\"justify\"><span style=\"font-family: Calibri, serif;\"><span style=\"font-size: large;\"><b>b. Legitimaci\u00f3n<\/b><\/span><\/span><\/p><p class=\"western\" align=\"justify\"><span style=\"font-family: Calibri, serif;\"><span style=\"font-size: large;\">La base legal para el tratamiento de sus datos (imagen) es la satisfacci\u00f3n de intereses leg\u00edtimos perseguidos por <b>ASESORIA LANPYME, S.L.<\/b><\/span><\/span><\/p><p class=\"western\" align=\"justify\"><span style=\"font-family: Calibri, serif;\"><span style=\"font-size: large;\"><b>c. Destinatarios<\/b><\/span><\/span><\/p><p class=\"western\" align=\"justify\"><span style=\"font-family: Calibri, serif;\"><span style=\"font-size: large;\">Sus datos se comunicar\u00e1n a Administraciones p\u00fablicas competentes y a los Cuerpos de Seguridad p\u00fablica y\/o privada procedente. <\/span><\/span><\/p><p class=\"western\" align=\"justify\"><span style=\"font-family: Calibri, serif;\"><span style=\"font-size: large;\"><b>d. \u00bfPor cu\u00e1nto tiempo conservaremos sus datos?<\/b><\/span><\/span><\/p><p class=\"western\" align=\"justify\"><span style=\"font-family: Calibri, serif;\"><span style=\"font-size: large;\">Los datos personales se conservar\u00e1n un m\u00e1ximo de 1 mes desde su captaci\u00f3n.<\/span><\/span><\/p><p align=\"justify\"><span style=\"font-family: Calibri, serif;\"><span style=\"font-size: large;\"><u><b>Tratamientos de Datos personales del colectivo de aspirantes a procesos de Selecci\u00f3n de Personal.<\/b><\/u><\/span><\/span><\/p><p class=\"western\" align=\"justify\"><span style=\"font-family: Calibri, serif;\"><span style=\"font-size: large;\"><b>a. \u00bfCon qu\u00e9 finalidad tratamos sus datos personales?<\/b><\/span><\/span><\/p><p align=\"justify\"><span style=\"font-family: Calibri, serif;\"><span style=\"font-size: large;\">En <b>ASESORIA LANPYME, S.L.<\/b><b> <\/b>tratamos sus datos personales con la \u00fanica finalidad de hacerle part\u00edcipe en los procesos de selecci\u00f3n de personal realizados por la entidad.<\/span><\/span><\/p><p class=\"western\" align=\"justify\"><span style=\"font-family: Calibri, serif;\"><span style=\"font-size: large;\"><b>b. Legitimaci\u00f3n<\/b><\/span><\/span><\/p><p class=\"western\" align=\"justify\"><span style=\"font-family: Calibri, serif;\"><span style=\"font-size: large;\">La base legal para el tratamiento de los datos que Ud. libremente nos ha facilitado es la satisfacci\u00f3n y protecci\u00f3n de intereses del propio interesado. (Art. 6.d del RGPD).<\/span><\/span><\/p><p class=\"western\" align=\"justify\"><span style=\"font-family: Calibri, serif;\"><span style=\"font-size: large;\"><b>c. Destinatarios<\/b><\/span><\/span><\/p><p class=\"western\" align=\"justify\"><span style=\"font-family: Calibri, serif;\"><span style=\"font-size: large;\">No se prev\u00e9n cesiones o comunicaciones de datos.<\/span><\/span><\/p><p class=\"western\" align=\"justify\"><span style=\"font-family: Calibri, serif;\"><span style=\"font-size: large;\"><b>d. \u00bfPor cu\u00e1nto tiempo conservaremos sus datos?<\/b><\/span><\/span><\/p><p class=\"western\" align=\"justify\"><span style=\"font-family: Calibri, serif;\"><span style=\"font-size: large;\">Los datos personales se conservar\u00e1n mientras su perfil profesional pueda encajar en alguna de nuestras posibles candidaturas.<\/span><\/span><\/p><p align=\"justify\"><span style=\"font-family: Calibri, serif;\"><span style=\"font-size: large;\"><u><b>Tratamientos de Datos Personales Procedentes del formulario Contacto de la web.<\/b><\/u><\/span><\/span><\/p><p class=\"western\" align=\"justify\"><span style=\"font-family: Calibri, serif;\"><span style=\"font-size: large;\"><b>a. \u00bfCon qu\u00e9 finalidad tratamos sus datos personales?<\/b><\/span><\/span><\/p><p class=\"western\" align=\"justify\"><span style=\"font-family: Calibri, serif;\"><span style=\"font-size: large;\">En <b>ASESORIA LANPYME<\/b><b>, S.L. <\/b>tratamos la informaci\u00f3n recibida por medio de estos formularios, con el fin de atender las consultas que nos pueda plantear, o en caso de que lo solicite, el env\u00edo de informaci\u00f3n. As\u00ed mismo, gestionamos las sugerencias, quejas, reclamaciones o agradecimientos que nos haga llegar.<\/span><\/span><\/p><p class=\"western\" align=\"justify\"><span style=\"font-family: Calibri, serif;\"><span style=\"font-size: large;\"><b>b. Legitimaci\u00f3n<\/b><\/span><\/span><\/p><p class=\"western\" align=\"justify\"><span style=\"font-family: Calibri, serif;\"><span style=\"font-size: large;\">La base legal para el tratamiento es el consentimiento expreso del interesado.<\/span><\/span><\/p><p class=\"western\" align=\"justify\"><span style=\"font-family: Calibri, serif;\"><span style=\"font-size: large;\"><b>c. Destinatarios<\/b><\/span><\/span><\/p><p class=\"western\" align=\"left\"><span style=\"font-family: Calibri, serif;\"><span style=\"font-size: large;\">No se ceder\u00e1n datos a terceros salvo obligaci\u00f3n legal y no se prev\u00e9n trasferencias internacionales de datos.<\/span><\/span><\/p><p class=\"western\" align=\"justify\"><span style=\"font-family: Calibri, serif;\"><span style=\"font-size: large;\"><b>d. \u00bfPor cu\u00e1nto tiempo conservaremos sus datos?<\/b><\/span><\/span><\/p><p class=\"western\" align=\"justify\"><span style=\"font-family: Calibri, serif;\"><span style=\"font-size: large;\">Conservaremos los datos \u00fanicamente el tiempo necesario para atender las consultas, sugerencias, quejas, reclamaciones y agradecimientos.<\/span><\/span><\/p><ol start=\"3\"><li><p align=\"justify\"><span style=\"font-family: Calibri, serif;\"><span style=\"font-size: large;\"><u><b>\u00bfDECISIONES AUTOMATIZADAS, PERFILES Y L\u00d3GICA APLICADA?<\/b><\/u><\/span><\/span><\/p><\/li><\/ol><p class=\"western\" align=\"justify\"><span style=\"font-family: Calibri, serif;\"><span style=\"font-size: large;\">No se prev\u00e9 el tratamiento en ning\u00fan momento, basado en decisiones automatizadas.<\/span><\/span><\/p><ol start=\"4\"><li><p align=\"justify\"><span style=\"font-family: Calibri, serif;\"><span style=\"font-size: large;\"><u><b>DERECHOS.<\/b><\/u><\/span><\/span><\/p><\/li><\/ol><ul><li><p align=\"justify\"><span style=\"font-family: Calibri, serif;\"><span style=\"font-size: large;\"><i><b>\u00bfCu\u00e1les son sus derechos cuando nos facilita sus datos?<\/b><\/i><\/span><\/span><\/p><\/li><\/ul><p class=\"western\" align=\"justify\"><span style=\"font-family: Calibri, serif;\"><span style=\"font-size: large;\">Cualquier persona tiene derecho a obtener confirmaci\u00f3n sobre si en <b>ASESORIA LANPYME, S.L.<\/b><b> <\/b>estamos tratando datos personales que les conciernan, o no.<\/span><\/span><\/p><p class=\"western\" align=\"justify\"><span style=\"font-family: Calibri, serif;\"><span style=\"font-size: large;\">Asimismo, tal y como prev\u00e9 el Reglamento General de Protecci\u00f3n de Datos, le informamos que usted tiene los siguientes derechos:<\/span><\/span><\/p><ul><li><p class=\"western\" align=\"justify\"><span style=\"font-family: Calibri, serif;\"><span style=\"font-size: large;\"><u>Acceder a sus datos:<\/u> Ud. tiene derecho a acceder a sus datos para conocer qu\u00e9 datos personales estamos tratando que le conciernen.<\/span><\/span><\/p><\/li><li><p class=\"western\" align=\"justify\"><span style=\"font-family: Calibri, serif;\"><span style=\"font-size: large;\"><u>Solicitar la rectificaci\u00f3n o supresi\u00f3n de sus datos:<\/u> En determinadas circunstancias, Ud. tiene derecho a rectificar aquellos datos personales inexactos que le conciernen que sean objeto de tratamiento por nuestra parte o, incluso, a solicitarnos su supresi\u00f3n cuando, entre otros motivos, los datos ya no fueran necesarios para los fines que fueron recogidos.<\/span><\/span><\/p><\/li><li><p class=\"western\" align=\"justify\"><span style=\"font-family: Calibri, serif;\"><span style=\"font-size: large;\"><u>Solicitar la limitaci\u00f3n del tratamiento de sus datos:<\/u> En determinadas circunstancias, Ud. tendr\u00e1 derecho a solicitarnos la limitaci\u00f3n del tratamiento de sus datos, en cuyo caso le informamos que \u00fanicamente los conservaremos para el ejercicio o defensa de reclamaciones tal y como prev\u00e9 el Reglamento General de Protecci\u00f3n de Datos.<\/span><\/span><\/p><\/li><li><p class=\"western\" align=\"justify\"><span style=\"font-family: Calibri, serif;\"><span style=\"font-size: large;\"><u>A la portabilidad de sus datos:<\/u> En determinadas circunstancias, Ud. tendr\u00e1 derecho a recibir los datos personales que le incumban, y que nos haya facilitado, en un formato estructurado, de uso com\u00fan y lectura mec\u00e1nica, y a transmitirlos a otro responsable del tratamiento.<\/span><\/span><\/p><\/li><li><p class=\"western\" align=\"justify\"><span style=\"font-family: Calibri, serif;\"><span style=\"font-size: large;\"><u>Oponerse al tratamiento de sus datos:<\/u> En determinadas circunstancias y por motivos relacionados con su situaci\u00f3n particular, Ud. tendr\u00e1 derecho a oponerse al tratamiento de sus datos en cuyo caso, dejar\u00edamos de tratarlos salvo que por motivos leg\u00edtimos imperiosos, o el ejercicio o la defensa de posibles reclamaciones.<\/span><\/span><\/p><\/li><\/ul><ul><li><p align=\"justify\"><span style=\"font-family: Calibri, serif;\"><span style=\"font-size: large;\"><i><b>\u00bfCu\u00e1ndo responderemos a su solicitud?<\/b><\/i><\/span><\/span><\/p><\/li><\/ul><p class=\"western\" align=\"justify\"><span style=\"font-family: Calibri, serif;\"><span style=\"font-size: large;\">Responderemos a sus peticiones a la mayor brevedad posible y, en todo caso, en el plazo de un mes desde la recepci\u00f3n de su solicitud. Dicho plazo podr\u00e1 prorrogarse otros dos meses en caso necesario, teniendo en cuenta la complejidad y el n\u00famero de solicitudes. El responsable informar\u00e1 al interesado de la pr\u00f3rroga dentro del primer mes desde la solicitud.<\/span><\/span><\/p><ul><li><p align=\"justify\"><span style=\"font-family: Calibri, serif;\"><span style=\"font-size: large;\"><i><b>\u00bfUsted tiene derecho a retirar su consentimiento?<\/b><\/i><\/span><\/span><\/p><\/li><\/ul><p class=\"western\" align=\"justify\"><span style=\"font-family: Calibri, serif;\"><span style=\"font-size: large;\">El interesado tiene derecho a retirar el consentimiento en cualquier momento, sin que ello afecte a la licitud del tratamiento basado en el consentimiento previo a su retirada. <\/span><\/span><\/p><ul><li><p align=\"justify\"><span style=\"font-family: Calibri, serif;\"><span style=\"font-size: large;\"><i><b>\u00bfD\u00f3nde debe dirigirse para el ejercicio sus derechos?<\/b><\/i><\/span><\/span><\/p><\/li><\/ul><p class=\"western\" align=\"justify\"><span style=\"font-family: Calibri, serif;\"><span style=\"font-size: large;\">Para el ejercicio de los derechos reconocidos, el interesado podr\u00e1 ponerse en contacto a trav\u00e9s de la siguiente direcci\u00f3n de correo electr\u00f3nico: info@lanpyme.com o dirigiendo un escrito a <b>ASESORIA LANPYME, S.L.<\/b><b> <\/b>en la Direcci\u00f3n indicada en el apartado primero sobre el Responsable de Tratamiento.<\/span><\/span><\/p><ul><li><p align=\"justify\"><span style=\"font-family: Calibri, serif;\"><span style=\"font-size: large;\"><i><b>\u00bfUsted tiene derecho a reclamar?<\/b><\/i><\/span><\/span><\/p><\/li><\/ul><p class=\"western\" align=\"justify\"><span style=\"font-family: Calibri, serif;\"><span style=\"font-size: small;\"><span style=\"font-size: large;\">S\u00ed. Usted, especialmente cuando no haya obtenido satisfacci\u00f3n en el ejercicio de sus derechos, tiene derecho a presentar reclamaci\u00f3n ante la autoridad nacional de control, a estos efectos debe dirigirse ante la Agencia Espa\u00f1ola de Protecci\u00f3n de Datos. <\/span><span style=\"color: #0563c1;\"><u><a href=\"http:\/\/www.agpd.es\/\"><span style=\"font-size: large;\">www.agpd.es<\/span><\/a><\/u><\/span><span style=\"font-size: large;\">.<\/span><\/span><\/span><\/p><ol start=\"5\"><li><p align=\"justify\"><span style=\"font-family: Calibri, serif;\"><span style=\"font-size: large;\"><u><b>CATEGOR\u00cdA DE DATOS.<\/b><\/u><\/span><\/span><\/p><\/li><\/ol><ul><li><p align=\"left\"><span style=\"font-family: Calibri, serif;\"><span style=\"font-size: large;\">Las categor\u00edas de datos que se tratan son:<\/span><\/span><\/p><ul><li><p align=\"left\"><span style=\"font-family: Calibri, serif;\"><span style=\"font-size: large;\">Datos de identificaci\u00f3n<\/span><\/span><\/p><\/li><li><p align=\"left\"><span style=\"font-family: Calibri, serif;\"><span style=\"font-size: large;\">Direcciones postales o electr\u00f3nicas<\/span><\/span><\/p><\/li><li><p align=\"left\"><span style=\"font-family: Calibri, serif;\"><span style=\"font-size: large;\">Imagen<\/span><\/span><\/p><\/li><li><p align=\"left\"><span style=\"font-family: Calibri, serif;\"><span style=\"font-size: large;\">Informaci\u00f3n comercial<\/span><\/span><\/p><\/li><li><p align=\"left\"><span style=\"font-family: Calibri, serif;\"><span style=\"font-size: large;\">Detalles de Empleo<\/span><\/span><\/p><\/li><li><p align=\"left\"><span style=\"font-family: Calibri, serif;\"><span style=\"font-size: large;\">Datos econ\u00f3micos<\/span><\/span><\/p><\/li><\/ul><\/li><li><p class=\"western\"><span style=\"font-size: large;\"><span style=\"font-family: Calibri, serif;\">Datos Especialmente Protegidos: No se tratan datos especialmente protegidos<\/span><\/span><\/p><\/li><\/ul>\t\t\t\t\t\t\t\t<\/div>\n\t\t\t\t<\/div>\n\t\t\t\t\t<\/div>\n\t\t<\/div>\n\t\t\t\t\t<\/div>\n\t\t<\/section>\n\t\t\t\t<\/div>","protected":false},"excerpt":{"rendered":"<p>Pol\u00edtica de Privacidad Informaci\u00f3n sobre el Tratamiento de Datos Personales ASESOR\u00cdA LANPYME, S.L. se encuentra profundamente comprometida con el cumplimiento de la Legislaci\u00f3n Espa\u00f1ola y Europea aplicable a la protecci\u00f3n de datos de car\u00e1cter personal, y garantiza el cumplimiento \u00edntegro de las obligaciones dispuestas, as\u00ed como la implementaci\u00f3n de las disposiciones incluidas en la Ley [&hellip;]<\/p>\n","protected":false},"author":1,"featured_media":0,"parent":0,"menu_order":0,"comment_status":"closed","ping_status":"closed","template":"elementor_canvas","meta":{"footnotes":""},"class_list":["post-668","page","type-page","status-publish","hentry"],"yoast_head":"<!-- This site is optimized with the Yoast SEO plugin v27.5 - https:\/\/yoast.com\/product\/yoast-seo-wordpress\/ -->\n<title>Pol\u00edtica de Privacidad - Asesoria Lanpyme<\/title>\n<meta name=\"robots\" content=\"index, follow, max-snippet:-1, max-image-preview:large, max-video-preview:-1\" \/>\n<link rel=\"canonical\" href=\"https:\/\/lanpyme.com\/eu\/politica-de-privacidad\/\" \/>\n<meta property=\"og:locale\" content=\"en_US\" \/>\n<meta property=\"og:type\" content=\"article\" \/>\n<meta property=\"og:title\" content=\"Pol\u00edtica de Privacidad - Asesoria Lanpyme\" \/>\n<meta property=\"og:description\" content=\"Pol\u00edtica de Privacidad Informaci\u00f3n sobre el Tratamiento de Datos Personales ASESOR\u00cdA LANPYME, S.L. se encuentra profundamente comprometida con el cumplimiento de la Legislaci\u00f3n Espa\u00f1ola y Europea aplicable a la protecci\u00f3n de datos de car\u00e1cter personal, y garantiza el cumplimiento \u00edntegro de las obligaciones dispuestas, as\u00ed como la implementaci\u00f3n de las disposiciones incluidas en la Ley [&hellip;]\" \/>\n<meta property=\"og:url\" content=\"https:\/\/lanpyme.com\/eu\/politica-de-privacidad\/\" \/>\n<meta property=\"og:site_name\" content=\"Asesoria Lanpyme\" \/>\n<meta property=\"article:modified_time\" content=\"2024-10-31T09:29:14+00:00\" \/>\n<meta name=\"twitter:card\" content=\"summary_large_image\" \/>\n<meta name=\"twitter:label1\" content=\"Est. reading time\" \/>\n\t<meta name=\"twitter:data1\" content=\"7 minutua\" \/>\n<script type=\"application\/ld+json\" class=\"yoast-schema-graph\">{\"@context\":\"https:\\\/\\\/schema.org\",\"@graph\":[{\"@type\":\"WebPage\",\"@id\":\"https:\\\/\\\/lanpyme.com\\\/politica-de-privacidad\\\/\",\"url\":\"https:\\\/\\\/lanpyme.com\\\/politica-de-privacidad\\\/\",\"name\":\"Pol\u00edtica de Privacidad - Asesoria Lanpyme\",\"isPartOf\":{\"@id\":\"https:\\\/\\\/lanpyme.com\\\/#website\"},\"datePublished\":\"2024-10-31T09:26:42+00:00\",\"dateModified\":\"2024-10-31T09:29:14+00:00\",\"breadcrumb\":{\"@id\":\"https:\\\/\\\/lanpyme.com\\\/politica-de-privacidad\\\/#breadcrumb\"},\"inLanguage\":\"eu\",\"potentialAction\":[{\"@type\":\"ReadAction\",\"target\":[\"https:\\\/\\\/lanpyme.com\\\/politica-de-privacidad\\\/\"]}]},{\"@type\":\"BreadcrumbList\",\"@id\":\"https:\\\/\\\/lanpyme.com\\\/politica-de-privacidad\\\/#breadcrumb\",\"itemListElement\":[{\"@type\":\"ListItem\",\"position\":1,\"name\":\"Portada\",\"item\":\"https:\\\/\\\/lanpyme.com\\\/\"},{\"@type\":\"ListItem\",\"position\":2,\"name\":\"Pol\u00edtica de Privacidad\"}]},{\"@type\":\"WebSite\",\"@id\":\"https:\\\/\\\/lanpyme.com\\\/#website\",\"url\":\"https:\\\/\\\/lanpyme.com\\\/\",\"name\":\"Asesoria Lanpyme\",\"description\":\"\",\"potentialAction\":[{\"@type\":\"SearchAction\",\"target\":{\"@type\":\"EntryPoint\",\"urlTemplate\":\"https:\\\/\\\/lanpyme.com\\\/?s={search_term_string}\"},\"query-input\":{\"@type\":\"PropertyValueSpecification\",\"valueRequired\":true,\"valueName\":\"search_term_string\"}}],\"inLanguage\":\"eu\"}]}<\/script>\n<!-- \/ Yoast SEO plugin. -->","yoast_head_json":{"title":"Pol\u00edtica de Privacidad - Asesoria Lanpyme","robots":{"index":"index","follow":"follow","max-snippet":"max-snippet:-1","max-image-preview":"max-image-preview:large","max-video-preview":"max-video-preview:-1"},"canonical":"https:\/\/lanpyme.com\/eu\/politica-de-privacidad\/","og_locale":"en_US","og_type":"article","og_title":"Pol\u00edtica de Privacidad - Asesoria Lanpyme","og_description":"Pol\u00edtica de Privacidad Informaci\u00f3n sobre el Tratamiento de Datos Personales ASESOR\u00cdA LANPYME, S.L. se encuentra profundamente comprometida con el cumplimiento de la Legislaci\u00f3n Espa\u00f1ola y Europea aplicable a la protecci\u00f3n de datos de car\u00e1cter personal, y garantiza el cumplimiento \u00edntegro de las obligaciones dispuestas, as\u00ed como la implementaci\u00f3n de las disposiciones incluidas en la Ley [&hellip;]","og_url":"https:\/\/lanpyme.com\/eu\/politica-de-privacidad\/","og_site_name":"Asesoria Lanpyme","article_modified_time":"2024-10-31T09:29:14+00:00","twitter_card":"summary_large_image","twitter_misc":{"Est. reading time":"7 minutua"},"schema":{"@context":"https:\/\/schema.org","@graph":[{"@type":"WebPage","@id":"https:\/\/lanpyme.com\/politica-de-privacidad\/","url":"https:\/\/lanpyme.com\/politica-de-privacidad\/","name":"Pol\u00edtica de Privacidad - Asesoria Lanpyme","isPartOf":{"@id":"https:\/\/lanpyme.com\/#website"},"datePublished":"2024-10-31T09:26:42+00:00","dateModified":"2024-10-31T09:29:14+00:00","breadcrumb":{"@id":"https:\/\/lanpyme.com\/politica-de-privacidad\/#breadcrumb"},"inLanguage":"eu","potentialAction":[{"@type":"ReadAction","target":["https:\/\/lanpyme.com\/politica-de-privacidad\/"]}]},{"@type":"BreadcrumbList","@id":"https:\/\/lanpyme.com\/politica-de-privacidad\/#breadcrumb","itemListElement":[{"@type":"ListItem","position":1,"name":"Portada","item":"https:\/\/lanpyme.com\/"},{"@type":"ListItem","position":2,"name":"Pol\u00edtica de Privacidad"}]},{"@type":"WebSite","@id":"https:\/\/lanpyme.com\/#website","url":"https:\/\/lanpyme.com\/","name":"Asesoria Lanpyme","description":"","potentialAction":[{"@type":"SearchAction","target":{"@type":"EntryPoint","urlTemplate":"https:\/\/lanpyme.com\/?s={search_term_string}"},"query-input":{"@type":"PropertyValueSpecification","valueRequired":true,"valueName":"search_term_string"}}],"inLanguage":"eu"}]}},"_links":{"self":[{"href":"https:\/\/lanpyme.com\/eu\/wp-json\/wp\/v2\/pages\/668","targetHints":{"allow":["GET"]}}],"collection":[{"href":"https:\/\/lanpyme.com\/eu\/wp-json\/wp\/v2\/pages"}],"about":[{"href":"https:\/\/lanpyme.com\/eu\/wp-json\/wp\/v2\/types\/page"}],"author":[{"embeddable":true,"href":"https:\/\/lanpyme.com\/eu\/wp-json\/wp\/v2\/users\/1"}],"replies":[{"embeddable":true,"href":"https:\/\/lanpyme.com\/eu\/wp-json\/wp\/v2\/comments?post=668"}],"version-history":[{"count":10,"href":"https:\/\/lanpyme.com\/eu\/wp-json\/wp\/v2\/pages\/668\/revisions"}],"predecessor-version":[{"id":679,"href":"https:\/\/lanpyme.com\/eu\/wp-json\/wp\/v2\/pages\/668\/revisions\/679"}],"wp:attachment":[{"href":"https:\/\/lanpyme.com\/eu\/wp-json\/wp\/v2\/media?parent=668"}],"curies":[{"name":"wp","href":"https:\/\/api.w.org\/{rel}","templated":true}]}}